{"id":33935,"date":"2023-12-15T18:54:13","date_gmt":"2023-12-15T17:54:13","guid":{"rendered":"https:\/\/hurom.es\/hurom-apoya-y-promueve\/"},"modified":"2025-03-07T11:06:31","modified_gmt":"2025-03-07T10:06:31","slug":"hurom-apoya-y-promueve","status":"publish","type":"page","link":"https:\/\/hurom.es\/ca\/hurom-apoya-y-promueve\/","title":{"rendered":"Hurom apoia i promove"},"content":{"rendered":"\n<div class=\"wp-block-cover alignfull is-light edge-to-edge\" style=\"min-height:616px;aspect-ratio:unset;\"><span aria-hidden=\"true\" class=\"wp-block-cover__background has-contrast-background-color has-background-dim-0 has-background-dim\"><\/span><img fetchpriority=\"high\" decoding=\"async\" width=\"1536\" height=\"837\" class=\"wp-block-cover__image-background wp-image-29761\" alt=\"\" src=\"https:\/\/hurom.es\/wp-content\/uploads\/2024\/02\/H300-kitchen1123-1536x837-1.jpeg\" data-object-fit=\"cover\" title=\"\" srcset=\"https:\/\/hurom.es\/wp-content\/uploads\/2024\/02\/H300-kitchen1123-1536x837-1.jpeg 1536w, https:\/\/hurom.es\/wp-content\/uploads\/2024\/02\/H300-kitchen1123-1536x837-1-300x163.jpeg 300w, https:\/\/hurom.es\/wp-content\/uploads\/2024\/02\/H300-kitchen1123-1536x837-1-1024x558.jpeg 1024w, https:\/\/hurom.es\/wp-content\/uploads\/2024\/02\/H300-kitchen1123-1536x837-1-768x419.jpeg 768w, https:\/\/hurom.es\/wp-content\/uploads\/2024\/02\/H300-kitchen1123-1536x837-1-990x539.jpeg 990w, https:\/\/hurom.es\/wp-content\/uploads\/2024\/02\/H300-kitchen1123-1536x837-1-441x240.jpeg 441w, https:\/\/hurom.es\/wp-content\/uploads\/2024\/02\/H300-kitchen1123-1536x837-1-600x327.jpeg 600w, https:\/\/hurom.es\/wp-content\/uploads\/2024\/02\/H300-kitchen1123-1536x837-1-150x82.jpeg 150w\" sizes=\"(max-width: 1536px) 100vw, 1536px\" \/><div class=\"wp-block-cover__inner-container is-layout-flow wp-block-cover-is-layout-flow\">\n<div class=\"wp-block-group alignfull has-global-padding is-content-justification-center is-layout-constrained wp-container-core-group-is-layout-2aadf2d8 wp-block-group-is-layout-constrained\" style=\"padding-top:64px;padding-right:20px;padding-bottom:64px;padding-left:20px\">\n<div class=\"wp-block-columns alignwide are-vertically-aligned-center is-layout-flex wp-container-core-columns-is-layout-fb3009b3 wp-block-columns-is-layout-flex\" style=\"margin-top:0;margin-bottom:0;padding-top:0;padding-right:0;padding-bottom:0;padding-left:0\">\n<div class=\"wp-block-column is-vertically-aligned-center is-layout-flow wp-block-column-is-layout-flow\" style=\"flex-basis:100%\"><\/div>\n<\/div>\n<\/div>\n<\/div><\/div>\n\n<div class=\"wp-block-cover alignwide is-light\" style=\"min-height:98px;aspect-ratio:unset;\"><span aria-hidden=\"true\" class=\"wp-block-cover__background has-background-dim-100 has-background-dim\" style=\"background-color:#84bd00\"><\/span><div class=\"wp-block-cover__inner-container has-global-padding is-layout-constrained wp-block-cover-is-layout-constrained\">\n<p class=\"has-text-align-center has-white-color has-text-color has-link-color wp-elements-c1d09b497c1f3a5bc16fdd15d86f4f55\"><strong>#HUROM | #RECOLZEM | #CARITAT<\/strong><\/p>\n<\/div><\/div>\n\n<div class=\"wp-block-group alignfull has-base-background-color has-background has-global-padding is-layout-constrained wp-container-core-group-is-layout-ef4e354f wp-block-group-is-layout-constrained\" style=\"padding-top:96px;padding-right:20px;padding-bottom:96px;padding-left:20px\">\n<div class=\"wp-block-group has-global-padding is-layout-constrained wp-container-core-group-is-layout-9843040e wp-block-group-is-layout-constrained\">\n<h1 class=\"wp-block-heading has-text-align-center has-text-color has-link-color wp-elements-0c3bb167c81914b2c6f148992784c668\" style=\"color:#6aac03;font-size:clamp(29.768px, 1.861rem + ((1vw - 3.2px) * 2.555), 52px);\">Hurom apoia i promove<\/h1>\n\n\n\n<h3 class=\"wp-block-heading has-text-align-center\">VOLEM CREAR BENESTAR GLOBAL<\/h3>\n\n\n\n<p>Volem crear un m\u00f3n on les persones tinguin m\u00e9s acc\u00e9s als beneficis i meravelles de la natura. Creiem que tots mereixen l\u2019oportunitat d\u2019experimentar el benestar i la vitalitat que la Mare Natura ofereix, els productes naturals s\u00f3n crucials per a aix\u00f2. <\/p>\n\n\n\n<p>Com a empresa, <strong>estem compromesos amb la promoci\u00f3 de la sostenibilitat i la salut de la societat.<\/strong> Tots podem viure en harmonia amb la natura.<\/p>\n\n\n\n<p>Establim un objectiu clar: <strong>oferir tecnologia innovadora que permeti a les persones tenir un estil de vida m\u00e9s saludable i natural<\/strong>. Com amb els nostres extractors, tots podran produir els seus propis sucs deliciosos i nutritius al confort de casa seva. Tenim el comprom\u00eds de proporcionar m\u00e0quines d\u2019alta qualitat i f\u00e0cils d\u2019usar que facilitin a les persones incorporar aliments vegetals a la seva dieta. <\/p>\n\n\n\n<p>Els nostres productes estan dissenyats per oferir una experi\u00e8ncia agradable i saludable, respectant el medi ambient. A m\u00e9s, en animar les persones a elaborar el seu propi suc a casa, promovem la <strong>reducci\u00f3 de l\u2019impacte ambiental<\/strong> associat als aliments processats i recolzem els productors locals i l\u2019agricultura. <\/p>\n\n\n\n<p>Uneix-te a nosaltres i descobreix els fant\u00e0stics beneficis de les nostres m\u00e0quines extractores de suc de fruites i verdures!<\/p>\n<\/div>\n\n\n\n<div style=\"height:100px\" aria-hidden=\"true\" class=\"wp-block-spacer\"><\/div>\n\n\n\n<div class=\"wp-block-group alignfull has-base-background-color has-background has-global-padding is-layout-constrained wp-container-core-group-is-layout-3b83e71c wp-block-group-is-layout-constrained\" style=\"padding-top:64px;padding-right:20px;padding-bottom:64px;padding-left:20px\">\n<div class=\"wp-block-group has-global-padding is-layout-constrained wp-container-core-group-is-layout-9843040e wp-block-group-is-layout-constrained\">\n<h2 class=\"wp-block-heading has-text-align-center has-contrast-color has-text-color has-medium-font-size\" style=\"font-style:normal;font-weight:800;line-height:1\">DESCOBREIX LES NOSTRES ACCIONS PER A EL BENESTAR<\/h2>\n<\/div>\n\n\n\n<div class=\"wp-block-columns is-layout-flex wp-container-core-columns-is-layout-e0dca8c8 wp-block-columns-is-layout-flex\">\n<div class=\"wp-block-column is-layout-flow wp-container-core-column-is-layout-369f67fb wp-block-column-is-layout-flow\">\n<div class=\"wp-block-group has-text-color is-vertical is-content-justification-center is-nowrap is-layout-flex wp-container-core-group-is-layout-53f5fb61 wp-block-group-is-layout-flex\" style=\"border-width:1px;border-radius:8px;color:#e7e7e7;padding-top:24px;padding-right:24px;padding-bottom:24px;padding-left:24px\">\n<div class=\"wp-block-group has-global-padding is-layout-constrained wp-container-core-group-is-layout-f328152f wp-block-group-is-layout-constrained\" style=\"border-radius:8px;padding-top:9px;padding-right:11px;padding-bottom:9px;padding-left:11px\">\n<figure class=\"wp-block-image aligncenter size-large is-resized\"><img decoding=\"async\" width=\"512\" height=\"512\" src=\"https:\/\/hurom.es\/wp-content\/uploads\/2024\/02\/hurom-ayuda10.svg\" alt=\"\" class=\"wp-image-29759\" style=\"width:120px\" title=\"\"><\/figure>\n<\/div>\n\n\n\n<h2 class=\"wp-block-heading has-text-align-center has-black-color has-text-color has-medium-font-size\" style=\"font-style:normal;font-weight:700\">SALUT I SEGURETAT<\/h2>\n\n\n\n<p class=\"has-text-align-center has-text-color\" style=\"color:#666666;line-height:1.2\">Proporcionem a tots els nostres col\u00b7laboradors entorns de treball saludables, dissenyats per minimitzar el risc d&#8217;accidents, lesions o malalties. Realitzem proves regulars per garantir que tots els nostres productes estiguin lliures de materials perillosos que puguin ser perjudicials per als nostres treballadors, clients i per al medi ambient. <\/p>\n<\/div>\n<\/div>\n\n\n\n<div class=\"wp-block-column is-layout-flow wp-container-core-column-is-layout-369f67fb wp-block-column-is-layout-flow\">\n<div class=\"wp-block-group has-text-color is-vertical is-content-justification-center is-nowrap is-layout-flex wp-container-core-group-is-layout-53f5fb61 wp-block-group-is-layout-flex\" style=\"border-width:1px;border-radius:8px;color:#e7e7e7;padding-top:24px;padding-right:24px;padding-bottom:24px;padding-left:24px\">\n<div class=\"wp-block-group has-global-padding is-layout-constrained wp-container-core-group-is-layout-f328152f wp-block-group-is-layout-constrained\" style=\"border-radius:8px;padding-top:9px;padding-right:11px;padding-bottom:9px;padding-left:11px\">\n<figure class=\"wp-block-image aligncenter size-large is-resized\"><img decoding=\"async\" width=\"512\" height=\"512\" src=\"https:\/\/hurom.es\/wp-content\/uploads\/2024\/02\/hurom-ayuda6.svg\" alt=\"\" class=\"wp-image-29755\" style=\"width:120px\" title=\"\"><\/figure>\n<\/div>\n\n\n\n<h2 class=\"wp-block-heading has-text-align-center has-black-color has-text-color\" style=\"font-size:clamp(14px, 0.875rem + ((1vw - 3.2px) * 0.69), 20px);font-style:normal;font-weight:700\">SENSE TREBALL INFANTIL<\/h2>\n\n\n\n<p class=\"has-text-align-center has-text-color\" style=\"color:#666666;line-height:1.2\">Complim rigorosament les lleis sobre treball infantil a cada un dels pa\u00efsos on operem. Ni nosaltres ni els nostres socis estem autoritzats a emplear nens menors. Qualsevol soci o prove\u00efdor que violi aquestes lleis ser\u00e0 acomiadat immediatament i denunciat a les autoritats.  <\/p>\n<\/div>\n<\/div>\n\n\n\n<div class=\"wp-block-column is-layout-flow wp-container-core-column-is-layout-369f67fb wp-block-column-is-layout-flow\">\n<div class=\"wp-block-group has-text-color is-vertical is-content-justification-center is-nowrap is-layout-flex wp-container-core-group-is-layout-53f5fb61 wp-block-group-is-layout-flex\" style=\"border-width:1px;border-radius:8px;color:#e7e7e7;padding-top:24px;padding-right:24px;padding-bottom:24px;padding-left:24px\">\n<div class=\"wp-block-group has-global-padding is-layout-constrained wp-container-core-group-is-layout-f328152f wp-block-group-is-layout-constrained\" style=\"border-radius:8px;padding-top:9px;padding-right:11px;padding-bottom:9px;padding-left:11px\">\n<figure class=\"wp-block-image aligncenter size-large is-resized\"><img loading=\"lazy\" decoding=\"async\" width=\"512\" height=\"512\" src=\"https:\/\/hurom.es\/wp-content\/uploads\/2024\/02\/hurom-ayuda5.svg\" alt=\"\" class=\"wp-image-29754\" style=\"width:120px\" title=\"\"><\/figure>\n<\/div>\n\n\n\n<h2 class=\"wp-block-heading has-text-align-center has-black-color has-text-color\" style=\"font-size:clamp(14px, 0.875rem + ((1vw - 3.2px) * 0.69), 20px);font-style:normal;font-weight:700\">IMPORT\u00c0NCIA DELS TREBALLADORS<\/h2>\n\n\n\n<p class=\"has-text-align-center has-text-color\" style=\"color:#666666;line-height:1.2\">Tractem tots els nostres treballadors com una fam\u00edlia, proporcionant-los excel\u00b7lents condicions de treball. Des de l&#8217;oferta de salaris i beneficis per sobre de la mitjana fins a la construcci\u00f3 de f\u00e0briques i oficines d&#8217;\u00faltima generaci\u00f3, garantim que tots puguin treballar en un ambient net, segur, feli\u00e7 i productiu. <\/p>\n<\/div>\n<\/div>\n<\/div>\n\n\n\n<div class=\"wp-block-columns is-layout-flex wp-container-core-columns-is-layout-e0dca8c8 wp-block-columns-is-layout-flex\">\n<div class=\"wp-block-column is-layout-flow wp-container-core-column-is-layout-369f67fb wp-block-column-is-layout-flow\">\n<div class=\"wp-block-group has-text-color is-vertical is-content-justification-center is-nowrap is-layout-flex wp-container-core-group-is-layout-53f5fb61 wp-block-group-is-layout-flex\" style=\"border-width:1px;border-radius:8px;color:#e7e7e7;padding-top:24px;padding-right:24px;padding-bottom:24px;padding-left:24px\">\n<div class=\"wp-block-group has-global-padding is-layout-constrained wp-container-core-group-is-layout-f328152f wp-block-group-is-layout-constrained\" style=\"border-radius:8px;padding-top:9px;padding-right:11px;padding-bottom:9px;padding-left:11px\">\n<figure class=\"wp-block-image aligncenter size-large is-resized\"><img loading=\"lazy\" decoding=\"async\" width=\"512\" height=\"512\" src=\"https:\/\/hurom.es\/wp-content\/uploads\/2024\/02\/hurom-ayuda7.svg\" alt=\"\" class=\"wp-image-29756\" style=\"width:120px\" title=\"\"><\/figure>\n<\/div>\n\n\n\n<h2 class=\"wp-block-heading has-text-align-center has-black-color has-text-color\" style=\"font-size:clamp(14px, 0.875rem + ((1vw - 3.2px) * 0.69), 20px);font-style:normal;font-weight:700\">IMPACTE AMBIENTAL REDU\u00cfT<\/h2>\n\n\n\n<p class=\"has-text-align-center has-text-color\" style=\"color:#666666;line-height:1.2\">A durabilidade d\u00f3nes nossas m\u00e0quines permet-nos minimitzar o desaprofitament i reduir a utiliza\u00e7\u00e3o de recursos preciosos i, assim, reduir o impacte ambiental. Hoje som capa\u00e7os de criar um cercle virtuoso de desenvolvimento sustent\u00e1vel, capa\u00e7 de garantir um futur melhor per a les gera\u00e7\u00f5es futures i consolidar la nossa posi\u00e7\u00e3o de lideran\u00e7a no setor. <\/p>\n<\/div>\n<\/div>\n\n\n\n<div class=\"wp-block-column is-layout-flow wp-container-core-column-is-layout-369f67fb wp-block-column-is-layout-flow\">\n<div class=\"wp-block-group has-text-color is-vertical is-content-justification-center is-nowrap is-layout-flex wp-container-core-group-is-layout-53f5fb61 wp-block-group-is-layout-flex\" style=\"border-width:1px;border-radius:8px;color:#e7e7e7;padding-top:24px;padding-right:24px;padding-bottom:24px;padding-left:24px\">\n<div class=\"wp-block-group has-global-padding is-layout-constrained wp-container-core-group-is-layout-f328152f wp-block-group-is-layout-constrained\" style=\"border-radius:8px;padding-top:9px;padding-right:11px;padding-bottom:9px;padding-left:11px\">\n<figure class=\"wp-block-image aligncenter size-large is-resized\"><img loading=\"lazy\" decoding=\"async\" width=\"512\" height=\"512\" src=\"https:\/\/hurom.es\/wp-content\/uploads\/2024\/02\/hurom-ayuda8.svg\" alt=\"\" class=\"wp-image-29757\" style=\"width:120px\" title=\"\"><\/figure>\n<\/div>\n\n\n\n<h2 class=\"wp-block-heading has-text-align-center has-black-color has-text-color\" style=\"font-size:clamp(14px, 0.875rem + ((1vw - 3.2px) * 0.69), 20px);font-style:normal;font-weight:700\">PROMOU UMA CULTURA ALIMENTAR CORRETA<\/h2>\n\n\n\n<p class=\"has-text-align-center has-text-color\" style=\"color:#666666;line-height:1.2\">Atrav\u00e9s de demonstra\u00e7\u00f5es pr\u00e1tiques, publica\u00e7\u00f5es informatives i llibres de receptes, a Hurom promove uma cultura nutricional correta, conscient d\u00f3na import\u00e2ncia que tem per a sa\u00fade i per aa obten\u00e7\u00e3o d&#8217;um estat geral de bem-estar.<\/p>\n<\/div>\n<\/div>\n\n\n\n<div class=\"wp-block-column is-layout-flow wp-container-core-column-is-layout-369f67fb wp-block-column-is-layout-flow\">\n<div class=\"wp-block-group alignwide has-text-color is-vertical is-content-justification-center is-nowrap is-layout-flex wp-container-core-group-is-layout-bcf9bcb7 wp-block-group-is-layout-flex\" style=\"border-width:1px;border-radius:8px;color:#e7e7e7;padding-top:24px;padding-right:24px;padding-bottom:24px;padding-left:24px\">\n<div class=\"wp-block-group has-global-padding is-layout-constrained wp-container-core-group-is-layout-f328152f wp-block-group-is-layout-constrained\" style=\"border-radius:8px;padding-top:9px;padding-right:11px;padding-bottom:9px;padding-left:11px\">\n<figure class=\"wp-block-image aligncenter size-large is-resized\"><img loading=\"lazy\" decoding=\"async\" width=\"512\" height=\"512\" src=\"https:\/\/hurom.es\/wp-content\/uploads\/2024\/02\/hurom-ayuda9.svg\" alt=\"\" class=\"wp-image-29758\" style=\"width:120px\" title=\"\"><\/figure>\n<\/div>\n\n\n\n<h2 class=\"wp-block-heading has-text-align-center has-black-color has-text-color\" style=\"font-size:clamp(14px, 0.875rem + ((1vw - 3.2px) * 0.69), 20px);font-style:normal;font-weight:700\">PL\u00c0NOL D&#8217;ECONOMIA D&#8217;ENERGIA NO ESCRITORI<\/h2>\n\n\n\n<p class=\"has-text-align-center has-text-color\" style=\"color:#666666;line-height:1.2\">Nossos escritorios sempre promouran uma vida com baix carboni. Per a demonstrar aquest comprom\u00eds, realitzem diverses iniciatives al llarg del proc\u00e9s de fabricaci\u00f3 i tamb\u00e9 a la gesti\u00f3 di\u00e0ria da nossa marca i benes. Nosso objectiu \u00e9s reduir di\u00e0riament o consum d&#8217;aigua, paper i energia.  <\/p>\n<\/div>\n<\/div>\n<\/div>\n<\/div>\n<\/div>\n\n<div class=\"wp-block-group edge-to-edge has-global-padding is-layout-constrained wp-block-group-is-layout-constrained\">\n<figure class=\"wp-block-image aligncenter size-large is-resized\"><img loading=\"lazy\" decoding=\"async\" width=\"1024\" height=\"372\" src=\"https:\/\/hurom.es\/wp-content\/uploads\/2024\/02\/hurom-apoya-1024x372.jpeg\" alt=\"\" class=\"wp-image-29760\" style=\"width:1450px;height:auto\" title=\"\" srcset=\"https:\/\/hurom.es\/wp-content\/uploads\/2024\/02\/hurom-apoya-1024x372.jpeg 1024w, https:\/\/hurom.es\/wp-content\/uploads\/2024\/02\/hurom-apoya-300x109.jpeg 300w, https:\/\/hurom.es\/wp-content\/uploads\/2024\/02\/hurom-apoya-768x279.jpeg 768w, https:\/\/hurom.es\/wp-content\/uploads\/2024\/02\/hurom-apoya-1536x559.jpeg 1536w, https:\/\/hurom.es\/wp-content\/uploads\/2024\/02\/hurom-apoya-990x360.jpeg 990w, https:\/\/hurom.es\/wp-content\/uploads\/2024\/02\/hurom-apoya-441x160.jpeg 441w, https:\/\/hurom.es\/wp-content\/uploads\/2024\/02\/hurom-apoya-600x218.jpeg 600w, https:\/\/hurom.es\/wp-content\/uploads\/2024\/02\/hurom-apoya-150x55.jpeg 150w, https:\/\/hurom.es\/wp-content\/uploads\/2024\/02\/hurom-apoya.jpeg 1650w\" sizes=\"(max-width: 1024px) 100vw, 1024px\" \/><\/figure>\n<\/div>\n\n<div class=\"wp-block-group alignfull has-global-padding is-layout-constrained wp-container-core-group-is-layout-99f667cf wp-block-group-is-layout-constrained\" style=\"padding-top:64px;padding-right:20px;padding-bottom:64px;padding-left:20px\">\n<div class=\"wp-block-group has-global-padding is-layout-constrained wp-container-core-group-is-layout-933edf90 wp-block-group-is-layout-constrained\">\n<h3 class=\"wp-block-heading alignfull has-text-align-center has-contrast-color has-text-color has-medium-font-size\" style=\"font-style:normal;font-weight:800;text-transform:capitalize\">LA SEVA COMPRA FA\u00c7A A DIFEREN\u00c7A<\/h3>\n\n\n\n<p><\/p>\n<\/div>\n\n\n\n<div class=\"wp-block-columns is-layout-flex wp-container-core-columns-is-layout-28f84493 wp-block-columns-is-layout-flex\">\n<div class=\"wp-block-column is-layout-flow wp-container-core-column-is-layout-9301a9c8 wp-block-column-is-layout-flow\" style=\"border-style:none;border-width:0px\">\n<div class=\"wp-block-columns is-layout-flex wp-container-core-columns-is-layout-28f84493 wp-block-columns-is-layout-flex\">\n<div class=\"wp-block-column is-vertically-aligned-top has-small-font-size is-layout-flow wp-container-core-column-is-layout-343acf9e wp-block-column-is-layout-flow\">\n<div class=\"wp-block-group is-vertical is-content-justification-center is-layout-flex wp-container-core-group-is-layout-1a31e274 wp-block-group-is-layout-flex\">\n<figure class=\"wp-block-image aligncenter size-full is-resized is-style-default\"><img loading=\"lazy\" decoding=\"async\" width=\"480\" height=\"480\" src=\"https:\/\/hurom.es\/wp-content\/uploads\/2024\/02\/hurom-ayuda1.svg\" alt=\"\" class=\"wp-image-29750\" style=\"width:80px\" title=\"\"><\/figure>\n\n\n\n<div class=\"wp-block-group has-text-color is-vertical is-content-justification-center is-layout-flex wp-container-core-group-is-layout-3ab3172e wp-block-group-is-layout-flex\" style=\"color:#666666\">\n<p class=\"has-text-align-center\" style=\"font-size:clamp(14px, 0.875rem + ((1vw - 3.2px) * 0.23), 16px);font-style:normal;font-weight:500\"><strong>Afegeixi<\/strong> el producte que vulgui comprar al seu carret.<\/p>\n<\/div>\n<\/div>\n<\/div>\n\n\n\n<div class=\"wp-block-column is-vertically-aligned-top has-small-font-size is-layout-flow wp-container-core-column-is-layout-343acf9e wp-block-column-is-layout-flow\">\n<div class=\"wp-block-group is-vertical is-content-justification-center is-layout-flex wp-container-core-group-is-layout-1a31e274 wp-block-group-is-layout-flex\">\n<figure class=\"wp-block-image aligncenter size-full is-resized is-style-default\"><img loading=\"lazy\" decoding=\"async\" width=\"300\" height=\"300\" src=\"https:\/\/hurom.es\/wp-content\/uploads\/2024\/02\/hurom-ayuda3.svg\" alt=\"\" class=\"wp-image-29752\" style=\"width:80px\" title=\"\"><\/figure>\n\n\n\n<div class=\"wp-block-group has-text-color is-vertical is-content-justification-center is-layout-flex wp-container-core-group-is-layout-3ab3172e wp-block-group-is-layout-flex\" style=\"color:#666666\">\n<p class=\"has-text-align-center\" style=\"font-size:clamp(14px, 0.875rem + ((1vw - 3.2px) * 0.23), 16px);font-style:normal;font-weight:500\"><strong>Completa la teva compra<\/strong> com ho faries normalment.<\/p>\n<\/div>\n<\/div>\n<\/div>\n\n\n\n<div class=\"wp-block-column is-vertically-aligned-top has-small-font-size is-layout-flow wp-container-core-column-is-layout-343acf9e wp-block-column-is-layout-flow\">\n<div class=\"wp-block-group is-vertical is-content-justification-center is-layout-flex wp-container-core-group-is-layout-1a31e274 wp-block-group-is-layout-flex\">\n<figure class=\"wp-block-image aligncenter size-full is-resized is-style-default\"><img loading=\"lazy\" decoding=\"async\" width=\"64\" height=\"64\" src=\"https:\/\/hurom.es\/wp-content\/uploads\/2024\/02\/hurom-ayuda2.svg\" alt=\"\" class=\"wp-image-29751\" style=\"width:80px\" title=\"\"><\/figure>\n\n\n\n<div class=\"wp-block-group has-text-color is-vertical is-content-justification-center is-layout-flex wp-container-core-group-is-layout-3ab3172e wp-block-group-is-layout-flex\" style=\"color:#666666\">\n<p class=\"has-text-align-center\" style=\"font-size:clamp(14px, 0.875rem + ((1vw - 3.2px) * 0.23), 16px);font-style:normal;font-weight:500\"><strong>Donem l&#8217;1% de la teva compra <\/strong>sense cap cost per a tu.<\/p>\n<\/div>\n<\/div>\n<\/div>\n<\/div>\n<\/div>\n<\/div>\n<\/div>\n","protected":false},"excerpt":{"rendered":"<p>Hurom apoia i promove VOLEM CREAR BENESTAR GLOBAL Volem crear un m\u00f3n on les persones tinguin m\u00e9s acc\u00e9s als beneficis i meravelles de la natura. Creiem que tots mereixen l\u2019oportunitat d\u2019experimentar el benestar i la vitalitat que la Mare Natura ofereix, els productes naturals s\u00f3n crucials per a aix\u00f2. Com a empresa, estem compromesos amb [&hellip;]<\/p>\n","protected":false},"author":1,"featured_media":0,"parent":0,"menu_order":9,"comment_status":"closed","ping_status":"closed","template":"template-canvas.php","meta":{"footnotes":""},"class_list":["post-33935","page","type-page","status-publish","hentry"],"_links":{"self":[{"href":"https:\/\/hurom.es\/ca\/wp-json\/wp\/v2\/pages\/33935","targetHints":{"allow":["GET"]}}],"collection":[{"href":"https:\/\/hurom.es\/ca\/wp-json\/wp\/v2\/pages"}],"about":[{"href":"https:\/\/hurom.es\/ca\/wp-json\/wp\/v2\/types\/page"}],"author":[{"embeddable":true,"href":"https:\/\/hurom.es\/ca\/wp-json\/wp\/v2\/users\/1"}],"replies":[{"embeddable":true,"href":"https:\/\/hurom.es\/ca\/wp-json\/wp\/v2\/comments?post=33935"}],"version-history":[{"count":4,"href":"https:\/\/hurom.es\/ca\/wp-json\/wp\/v2\/pages\/33935\/revisions"}],"predecessor-version":[{"id":34065,"href":"https:\/\/hurom.es\/ca\/wp-json\/wp\/v2\/pages\/33935\/revisions\/34065"}],"wp:attachment":[{"href":"https:\/\/hurom.es\/ca\/wp-json\/wp\/v2\/media?parent=33935"}],"curies":[{"name":"wp","href":"https:\/\/api.w.org\/{rel}","templated":true}]}}